{"id":23,"date":"2018-03-14T11:33:31","date_gmt":"2018-03-14T11:33:31","guid":{"rendered":"http:\/\/www.ig-toesstallinie.ch\/wp\/?page_id=23"},"modified":"2025-08-12T16:28:14","modified_gmt":"2025-08-12T16:28:14","slug":"zugnummer","status":"publish","type":"page","link":"https:\/\/www.ig-toesstallinie.ch\/?page_id=23","title":{"rendered":"ZUGnummer"},"content":{"rendered":"<p><span class=\"normal\">Lesen Sie mehr \u00fcber die halbj\u00e4hrlich erscheinende Informationszeitung \u201cZUGnummer\u201d.<br \/>\n<i>Wenn Sie auf die Titelseite der Zeitung klicken, kommen Sie direkt zum Inhaltsverzeichnis. Dort f\u00fchrt ein Klick auf das gew\u00fcnschte Thema direkt zur Seite. Um wieder zur\u00fcck zum Inhaltsverzeichnis zu gelangen klicken Sie einfach auf den rechten Rand der Seite.<\/i><\/span><\/p>\n<span class=\"collapseomatic \" id=\"id69f3c4a7af535\"  tabindex=\"0\" title=\"ZUGnummer 51 - Sommer 2025\"    >ZUGnummer 51 - Sommer 2025<\/span><div id=\"target-id69f3c4a7af535\" class=\"collapseomatic_content \">\n<p>&#8211; 150 Jahre T\u00f6sstalbahn<br \/>\n&#8211; Geschichte<br \/>\n&#8211; Ausbau, Fahrzeuge, Betrieb<br \/>\n&#8211; Der Vorstand der IG T\u00f6sstallinie<br \/>\n&#8211; Strei\ufb02ichter zur T\u00f6stalbahn<br \/>\n&#8211; Der M\u00e4zen, SBB-\u00c4ra<br \/>\n&#8211; G\u00fcterverkehr<br \/>\n&#8211; Der Personenverkehr<br \/>\n&#8211; Die Bahnhofgeb\u00e4ude<br \/>\n&#8211; Dor\ufb00est Bauma<br \/>\n&#8211; Behindertengerechte Bahnh\u00f6fe<br \/>\n&#8211; R\u00fcckverlegung der S26 Sp\u00e4tkurse auf die Schiene<br \/>\n&#8211; Impressum<\/p>\n<p><a href=\"https:\/\/www.ig-toesstallinie.ch\/wp-content\/uploads\/2025\/08\/ZUGnummer51-mit-Links.pdf\">ZUGnummer ansehen<\/a><\/p>\n<\/div>\n<p>&nbsp;<\/p>\n<span class=\"collapseomatic \" id=\"id69f3c4a7af55d\"  tabindex=\"0\" title=\"ZUGnummer 50 - Sommer 2024\"    >ZUGnummer 50 - Sommer 2024<\/span><div id=\"target-id69f3c4a7af55d\" class=\"collapseomatic_content \">\n<p>&#8211; Kommt die neue Haltestelle Lipperschwendi?<br \/>\n&#8211; Wiedereinbetriebnahme Hinwil-Bauma<br \/>\n&#8211; Der Vorstand der IG T\u00f6sstallinie<br \/>\n&#8211; ZVV-Fahrplanverfahren 2025 \u2013 2027<br \/>\n&#8211; Gratisparkpl\u00e4tze an den Bahnh\u00f6fen im T\u00f6sstal<br \/>\n&#8211; Neues vom Vorstand<br \/>\n&#8211; Die 90-J\u00e4hrige, die eine Zughaltestelle fordert<br \/>\n&#8211; Impressum<\/p>\n<p><a href=\"https:\/\/www.ig-toesstallinie.ch\/wp-content\/uploads\/2025\/08\/ZUGnummer50-mit-Links.pdf\">ZUGnummer ansehen<\/a><\/p>\n<\/div>\n<p>&nbsp;<\/p>\n<span class=\"collapseomatic \" id=\"id69f3c4a7af56d\"  tabindex=\"0\" title=\"ZUGnummer 49 - Fr\u00fchling 2021\"    >ZUGnummer 49 - Fr\u00fchling 2021<\/span><div id=\"target-id69f3c4a7af56d\" class=\"collapseomatic_content \">\n<p>&#8211; 16 neue Haltestellen auf der T\u00f6sstallinie<br \/>\n&#8211; Soll ich mich impfen lassen?<br \/>\n&#8211; Ausbauschritt 2010 bis 2018 abgeschlossen<br \/>\n&#8211; N\u00e4chster Ausbauschritt<br \/>\n&#8211; Haltestellen-Abst\u00e4nde heute<br \/>\n&#8211; Vergleiche mit anderen Vorortsbahnen<br \/>\n&#8211; Der Vorstand der IG T\u00f6sstallinie<br \/>\n&#8211; Das Haltestellen-Konzept der IG-T\u00f6sstalline<br \/>\n&#8211; Haltestellen-Abst\u00e4nde neu<br \/>\n&#8211; Bev\u00f6lkerungs- und Arbeitsplatzzahlen<br \/>\n&#8211; Beispiele f\u00fcr Standorte der neuen Haltestellen<br \/>\n&#8211; Kosten neuer Haltestellen<br \/>\n&#8211; Betriebskonzept mit neuen Haltestellen<br \/>\n&#8211; Verordnung als Killer neuer Haltestellen?<br \/>\n&#8211; Ziel-Angebot auf der T\u00f6sstallinie<br \/>\n&#8211; IG fordert durchgehende Zugsbegleitung<br \/>\n&#8211; \u00dcbernahme der MThB durch die Thurbo<br \/>\n&#8211; Impressum<\/p>\n<p><a href=\"http:\/\/www.ig-toesstallinie.ch\/wp-content\/uploads\/2021\/05\/ZUGnummer49-mit-Links.pdf\">ZUGnummer ansehen<\/a><\/p>\n<\/div>\n<p>&nbsp;<\/p>\n<span class=\"collapseomatic \" id=\"id69f3c4a7af57a\"  tabindex=\"0\" title=\"ZUGnummer 48 - Herbst 2020\"    >ZUGnummer 48 - Herbst 2020<\/span><div id=\"target-id69f3c4a7af57a\" class=\"collapseomatic_content \">\n<p>&#8211; Es geht weiter mit der IG<br \/>\n&#8211; S26: CO2-neutral in die Zukunft (Von Paul Stopper, neuer Pr\u00e4sident der IG)<br \/>\n&#8211; 27. Mitgliederversammlung der IG T\u00f6sstallinie<\/p>\n<p><a href=\"http:\/\/www.ig-toesstallinie.ch\/wp-content\/uploads\/2020\/10\/ZUGnummer48.pdf\">ZUGnummer ansehen<\/a><\/p>\n<\/div>\n<p>&nbsp;<\/p>\n<span class=\"collapseomatic \" id=\"id69f3c4a7af585\"  tabindex=\"0\" title=\"ZUGnummer 47 - Fr\u00fchling 2020\"    >ZUGnummer 47 - Fr\u00fchling 2020<\/span><div id=\"target-id69f3c4a7af585\" class=\"collapseomatic_content \">\n<p>&#8211; Das 4. Gleis im Bahnhof Stadelhofen<br \/>\n&#8211; Die fossilen Jahre sind vorbei<br \/>\n&#8211; Ciao IG T\u00f6sstallinie<br \/>\n&#8211; Der Vorstand der IG T\u00f6sstallinie<br \/>\n&#8211; 25 Jahre IG T\u00f6sstallinie<br \/>\n&#8211; Winterthur &#8211; R\u00fcti alle 30 Minuten<br \/>\n&#8211; Der L\u00e9man-Express<br \/>\n&#8211; Unser Besuch im Klang-Maschinen Museum<br \/>\n&#8211; Impressum<br \/>\n&#8211; Einladung Mitgliederversammlung<\/p>\n<p><a href=\"http:\/\/www.ig-toesstallinie.ch\/wp-content\/uploads\/2020\/03\/ZUGnummer47-mit-Links.pdf\">ZUGnummer ansehen<\/a><\/p>\n<\/div>\n<p>&nbsp;<\/p>\n<span class=\"collapseomatic \" id=\"id69f3c4a7af58f\"  tabindex=\"0\" title=\"ZUGnummer 46 - Herbst 2019\"    >ZUGnummer 46 - Herbst 2019<\/span><div id=\"target-id69f3c4a7af58f\" class=\"collapseomatic_content \">\n<p>&#8211; Eindr\u00fccke von der Baustelle Bahnhof Winterthur<br \/>\n&#8211; Wieso Geb\u00e4rdensprachen offiziell anerkennen?<br \/>\n&#8211; SOS: Dringend Vorstandsmitglied gesucht!<br \/>\n&#8211; Intern: Der Vorstand der IG T\u00f6sstallinie<br \/>\n&#8211; Bericht aus den Regionalen Verkehrskonferenzen<br \/>\n&#8211; Reise durch das Mutterland der Eisenbahn<br \/>\n&#8211; Umbau des Bahnhofs Tann-D\u00fcrnten<br \/>\n&#8211; 26. Mitgliederversammlung der IG T\u00f6sstallinie<br \/>\n&#8211; Impressum<br \/>\n&#8211; Wir besuchen das Klang-Maschinen Museum in der Seidenfabrik D\u00fcrnten<\/p>\n<p><a href=\"http:\/\/www.ig-toesstallinie.ch\/wp-content\/uploads\/2020\/01\/ZUGnummer46-mit-Links.pdf\">ZUGnummer ansehen<\/a><\/p>\n<\/div>\n<p>&nbsp;<\/p>\n<span class=\"collapseomatic \" id=\"id69f3c4a7af59a\"  tabindex=\"0\" title=\"ZUGnummer 45 - Fr\u00fchling 2019\"    >ZUGnummer 45 - Fr\u00fchling 2019<\/span><div id=\"target-id69f3c4a7af59a\" class=\"collapseomatic_content \">\n<p>&#8211; Der neue Fahrplan: Erste Erfahrungen<br \/>\n&#8211; Brauchen wir die IG nicht mehr?<br \/>\n&#8211; Depotareal Bauma 2020<br \/>\n&#8211; Der Drache vom Hagheerenloch<br \/>\n&#8211; Intern: der Vorstand der IG T\u00f6sstallinie<br \/>\n&#8211; Abschied Hansruedi B\u00fcchi<br \/>\n&#8211; Fahrplankonzept Ausbauschritt 2035<br \/>\n&#8211; Der Bus der Zukunft<br \/>\n&#8211; Besuch Museums-Spinnerei Neuthal<br \/>\n&#8211; Impressum<br \/>\n&#8211; SOS IG T\u00f6sstallinie: Wir suchen dringend<br \/>\n&#8211; Anmeldeformular IG T\u00f6sstallinie<\/p>\n<p><a href=\"http:\/\/www.ig-toesstallinie.ch\/wp-content\/uploads\/2019\/03\/ZUGnummer45-mit-Links.pdf\">ZUGnummer ansehen<\/a><\/p>\n<\/div>\n<p>&nbsp;<\/p>\n<span class=\"collapseomatic \" id=\"id69f3c4a7af5a4\"  tabindex=\"0\" title=\"ZUGnummer 44 - Herbst 2018\"    >ZUGnummer 44 - Herbst 2018<\/span><div id=\"target-id69f3c4a7af5a4\" class=\"collapseomatic_content \">\n<p>&#8211; Die neue Personen-Unterf\u00fchrung Nord<br \/>\n&#8211; Ich will sie nie mehr verpassen!<br \/>\n&#8211; Der Fahrplan 2019<br \/>\n&#8211; Intern Der Vorstand der IG T\u00f6sstallinie<br \/>\n&#8211; Verz\u00f6gerung beim Halbstundentakt der S26 im Kantonsrat<br \/>\n&#8211; Eisenbahnsignal-Quiz<br \/>\n&#8211; Unsere neue Homepage<br \/>\n&#8211; Horrortrip mit Happyend<br \/>\n&#8211; Neuerungen am Bahnhof Fischenthal<br \/>\n&#8211; 25. Mitgliederversammlung der IG T\u00f6sstallinie<br \/>\n&#8211; Anmeldeformular IG T\u00f6sstallinie<br \/>\n&#8211; Impressum<br \/>\n&#8211; Besuch der Museums-Spinnerei im Neuthal ob Bauma<\/p>\n<p><a href=\"http:\/\/www.ig-toesstallinie.ch\/wp-content\/uploads\/2018\/10\/ZUGnummer44-mit-Links.pdf\">ZUGnummer ansehen<\/a><\/p>\n<\/div>\n<p>&nbsp;<\/p>\n<span class=\"collapseomatic \" id=\"id69f3c4a7af5ad\"  tabindex=\"0\" title=\"ZUGnummer 43 - Fr\u00fchling 2018\"    >ZUGnummer 43 - Fr\u00fchling 2018<\/span><div id=\"target-id69f3c4a7af5ad\" class=\"collapseomatic_content \">\n<p>&#8211; Vom Kleinbahnhof zum Nadel\u00f6hr: Z\u00fcrich Stadelhofen<br \/>\n&#8211; Nein zu No Billag am 3. M\u00e4rz!<br \/>\n&#8211; Intern<br \/>\n&#8211; Verz\u00f6gerung beim Halbstundentakt Bauma \u2013 R\u00fcti<br \/>\n&#8211; Fahrzeugtreffen 14. und 15. Oktober in Bauma<br \/>\n&#8211; F\u00fchrung durch den Untergrund der Restaurants im HB Z\u00fcrich<br \/>\n&#8211; Impressum<br \/>\n&#8211; Hinweis Mitgliederversammlung 10.4.2018<br \/>\n&#8211; Anmeldeformular IG T\u00f6sstallinie<\/p>\n<p><a href=\"wp-content\/uploads\/2018\/03\/ZUGnummer43-mit-Links.pdf\">ZUGnummer ansehen<\/a><\/p>\n<\/div>\n<p>&nbsp;<\/p>\n<span class=\"collapseomatic \" id=\"id69f3c4a7af5b7\"  tabindex=\"0\" title=\"ZUGnummer 42 - Herbst 2017\"    >ZUGnummer 42 - Herbst 2017<\/span><div id=\"target-id69f3c4a7af5b7\" class=\"collapseomatic_content \">\n<p>Stand der Umbauten in Sennhof-Kyburg und Saland \u2013 Mein kleines Paradies \u2013 Bericht aus den Regionalen Verkehrskonferenzen \u2013 Auf Schienen durch die Ukraine \u2013 Der Vorstand der IG T\u00f6sstallinie \u2013 Fahrplanentwurf 2018 \u2013 Sondereinsatz von Bahn und Bus am Z\u00fcrcher Kantonalturnfest \u2013 Braucht es f\u00fcr Bahnfunk und Zugsicherung der T\u00f6sstallinie neue Antenenmasten? \u2013 Wanderung zum Schreizengiessen \u2013 24. Mitgliederversammlung der IG-T\u00f6sstallinie \u2013 Anmeldeformular IG T\u00f6sstallinie \u2013 Impressum \u2013 F\u00fchrung durch die Restaurants im Z\u00fcrcher Hauptbahnof.<\/p>\n<p><a href=\"wp-content\/uploads\/2018\/03\/zugnummer42.pdf\">ZUGnummer ansehen<\/a><\/p>\n<\/div>\n<p>&nbsp;<\/p>\n<span class=\"collapseomatic \" id=\"id69f3c4a7af5c2\"  tabindex=\"0\" title=\"ZUGnummer 41 - Fr\u00fchling 2017\"    >ZUGnummer 41 - Fr\u00fchling 2017<\/span><div id=\"target-id69f3c4a7af5c2\" class=\"collapseomatic_content \">\n<p>Wir besichtigten die SBB Serviceanlage Oberwinterthur &#8211; Bringt die Globalisierung die Welt aus dem Gleichgewicht? &#8211; Fahrplanbegehren der IG T\u00f6sstallinie zum Fahrplan 2018 &#8211; Digitale Anzeigetafel erg\u00e4nzt Lautsprecher &#8211; Start Planung ZVV-Fahrplan 2018\/2019 &#8211; Wenn die Schiene auf die Strasse trifft: Bahn\u00fcberg\u00e4nge &#8211; Der nostalgische Railway Walk &#8211; Grossbaustelle Bahnhof Elgg:Was hat es damit auf sich? &#8211; Stand der Umbauten in Sennhof-Kyburg &#8211; Anmeldeformular IG T\u00f6sstallinie.<\/p>\n<p><a href=\"wp-content\/uploads\/2018\/03\/zugnummer41.pdf\">ZUGnummer ansehen<\/a><\/p>\n<\/div>\n<p>&nbsp;<\/p>\n<span class=\"collapseomatic \" id=\"id69f3c4a7af5cc\"  tabindex=\"0\" title=\"ZUGnummer 40 - Herbst 2016\"    >ZUGnummer 40 - Herbst 2016<\/span><div id=\"target-id69f3c4a7af5cc\" class=\"collapseomatic_content \">\n<p>R\u00e4mism\u00fchle: nach 30 Jahren wieder ein Dorfladen! &#8211; Bringt mehr \u00dcberwachung mehr Sicherheit? &#8211; Umbau Bahnh\u00f6fe Seen und Sennhof-Kyburg &#8211; Umbau des Bahnhofs Winterthur &#8211; Intern &#8211; Der neue f\u00fcr Kasse, Mitglieder und Logistik &#8211; Sie lenken die Z\u00fcge auf die richtigen Gleise: Die Weichen &#8211; 23. Mitgliederversammlung IG T\u00f6sstallinie &#8211; Ein Ortsbus f\u00fcr Bauma &#8211; Besichtigung der SBB Serviceanlage Oberwinterthur.<\/p>\n<p><a href=\"wp-content\/uploads\/2018\/03\/zugnummer40.pdf\">ZUGnummer ansehen<\/a><\/p>\n<\/div>\n<p>&nbsp;<\/p>\n<span class=\"collapseomatic \" id=\"id69f3c4a7af5d5\"  tabindex=\"0\" title=\"ZUGnummer 39 - Fr\u00fchling 2016\"    >ZUGnummer 39 - Fr\u00fchling 2016<\/span><div id=\"target-id69f3c4a7af5d5\" class=\"collapseomatic_content \">\n<p>Start Nachtbus T\u00f6sstal 1999 &#8211; Was gehen uns die Fl\u00fcchtlinge an? &#8211; SOS &#8211; Dringend gesucht: Mitgliederbetreuender &#8211; Wir erlebten den Rangierbahnhof Limmattal &#8211; Unsere abenteuerlichen Reisen mit der Eisenbahn in England &#8211; Auf nach Italien &#8211; Die Rittnerbahn oberhalb von Bozen &#8211; Der lange Weg zu einem neuen Fahrplan &#8211; R\u00fcckblick auf die Einweihung der Historischen Bahnhofshalle &#8211; Stand des Ausbaues der T\u00f6sstallinie.<\/p>\n<p><a href=\"wp-content\/uploads\/2018\/03\/zugnummer39.pdf\">ZUGnummer ansehen<\/a><\/p>\n<\/div>\n<p>&nbsp;<\/p>\n<span class=\"collapseomatic \" id=\"id69f3c4a7af5df\"  tabindex=\"0\" title=\"ZUGnummer 38 - Herbst 2015\"    >ZUGnummer 38 - Herbst 2015<\/span><div id=\"target-id69f3c4a7af5df\" class=\"collapseomatic_content \">\n<p>Mehr Zug f\u00fcr Z\u00fcrich &#8211; Oft fehlen Informationen zur Gentechnologie &#8211; Neuerungen ab Dez. bei Buslinien im T\u00f6sstal &#8211; Neue Schienen von Winti bis Bauma &#8211; Intern &#8211; Tunnelbohrmaschinen -Eine Revolution im Untertagebau &#8211; Anmeldeformular IG T\u00f6sstallinie &#8211; 22. Mitgliederversammlung der IG T\u00f6sstallinie &#8211; Die neue historische Bahnhofshalle &#8211; Besichtigung des Rangierbahnhofes Limmattal.<\/p>\n<p><a href=\"wp-content\/uploads\/2018\/03\/zugnummer38.pdf\">ZUGnummer ansehen<\/a><\/p>\n<\/div>\n<p>&nbsp;<\/p>\n<span class=\"collapseomatic \" id=\"id69f3c4a7af5e9\"  tabindex=\"0\" title=\"ZUGnummer 37 - Fr\u00fchling 2015\"    >ZUGnummer 37 - Fr\u00fchling 2015<\/span><div id=\"target-id69f3c4a7af5e9\" class=\"collapseomatic_content \">\n<p>sunneland-oberland &#8211; Grundwasserheizung im T\u00f6sstal &#8211; Fahrplanbegehren der IG 2016 &#8211; Der schwarze Block am Bahnhof &#8211; Zugausfall am Bahnhof Winterthur &#8211; Intern &#8211; Reise mit der Transsib &#8211; Besichtigung Lokremise und Eisenbahnsammlung Uster &#8211; Hinweis Mitgliederversammlung &#8211; Anmeldeformular IG T\u00f6sstallinie.<\/p>\n<p><a href=\"wp-content\/uploads\/2018\/03\/zugnummer37.pdf\">ZUGnummer ansehen<\/a><\/p>\n<\/div>\n<p>&nbsp;<\/p>\n<span class=\"collapseomatic \" id=\"id69f3c4a7af5f3\"  tabindex=\"0\" title=\"ZUGnummer 36 - Herbst 2014\"    >ZUGnummer 36 - Herbst 2014<\/span><div id=\"target-id69f3c4a7af5f3\" class=\"collapseomatic_content \">\n<p>Die Post Wila verkauft auch SBB-Billette &#8211; Vollgeldinitiative &#8211; Bahnhof Turbenthal neu &#8211; Unser neues &#8211; Vorstandsmitglied &#8211; Bahnreise in den Osthimalaya &#8211; Schweizer Eisenbahnsignale &#8211; Bericht aus RVK&#8217;s &#8211; Das Geheimnis der Steinquader &#8211; 21.Mitgliederversammlung &#8211; Besichtigung Lokremise und Eisenbahnsammlung.<\/p>\n<p><a href=\"wp-content\/uploads\/2018\/03\/zugnummer36.pdf\">ZUGnummer ansehen<\/a><\/p>\n<\/div>\n<p>&nbsp;<\/p>\n<span class=\"collapseomatic \" id=\"id69f3c4a7af5fc\"  tabindex=\"0\" title=\"ZUGnummer 35 - Fr\u00fchling 2014\"    >ZUGnummer 35 - Fr\u00fchling 2014<\/span><div id=\"target-id69f3c4a7af5fc\" class=\"collapseomatic_content \">\n<p>SBB L\u00f6sch- und Rettungsorganisation Winterthur &#8211; Lehrplan 21 ab 2015? &#8211; Die SBB informierten \u00fcber Ausbau der S26 von 2015 bis 2018 &#8211; Intern &#8211; Neue S26, um 5:22 ab Bauma nach R\u00fcti &#8211; Antrag f\u00fcr Halt S11 in Rikon &#8211; T\u00f6sstal profitiert von der S-Bahn St. Gallen &#8211; Miniatur Wunderland in Hamburg &#8211; Keine oder schmutzige WC&#8217;s in Z\u00fcgen und Bahnh\u00f6fen &#8211; T\u00f6sstaler Pendler 3. Klasse: Wila und Zell rekurrieren &#8211; Anmeldeformular IG T\u00f6sstallinie.<\/p>\n<p><a href=\"wp-content\/uploads\/2018\/03\/zugnummer35.pdf\">ZUGnummer ansehen<\/a><\/p>\n<\/div>\n<p>&nbsp;<\/p>\n<span class=\"collapseomatic \" id=\"id69f3c4a7af606\"  tabindex=\"0\" title=\"Zugnummer 34 - Sommer 2013\"    >Zugnummer 34 - Sommer 2013<\/span><div id=\"target-id69f3c4a7af606\" class=\"collapseomatic_content \">\n<p>Der Centralbahnhof Basel in Bauma? &#8211; SBB-Info zu laufendem Ausbau der S26 &#8211; Die Br\u00fccke beim H\u00fcrlistein &#8211; Eindr\u00fccke von der Delegiertenversammlung der Pro Bahn &#8211; Guyer-Zeller und die T\u00f6ss-Allmannbahn &#8211; Meinungswechsel beim BAV &#8211; 20. Mitgliederversammlung der IG &#8211; Die Fahrplanbegehren der IG &#8211; Besichtigung der SBB &#8211; Betriebswehr in Winterthur.<\/p>\n<p><a href=\"wp-content\/uploads\/2018\/03\/zugnummer-34.pdf\">ZUGnummer ansehen<\/a><\/p>\n<\/div>\n<p>&nbsp;<\/p>\n<span class=\"collapseomatic \" id=\"id69f3c4a7af60f\"  tabindex=\"0\" title=\"ZUGnummer 33 - Herbst 2013\"    >ZUGnummer 33 - Herbst 2013<\/span><div id=\"target-id69f3c4a7af60f\" class=\"collapseomatic_content \">\n<p>Bahnof Rikon in neuem Glanz &#8211; Sparmassnahmen bei Regionalzuglinien &#8211; Bahnschwellen &#8211; Die IG T\u00f6sstallinie bei Stadler Rail &#8211; Das ZVV-Fahrplanverfahren und die Musterbegehren der IG.<\/p>\n<p><a href=\"wp-content\/uploads\/2018\/03\/zugnummer33.pdf\">ZUGnummer ansehen<\/a><\/p>\n<\/div>\n<p>&nbsp;<\/p>\n<span class=\"collapseomatic \" id=\"id69f3c4a7af619\"  tabindex=\"0\" title=\"ZUGnummer 32 - Herbst 2012\"    >ZUGnummer 32 - Herbst 2012<\/span><div id=\"target-id69f3c4a7af619\" class=\"collapseomatic_content \">\n<p>Modernisierung des Bahnhofs Rikon &#8211; Neues aus Bahn-Absurdistan &#8211; Spektakel im Dunkeln: Gleisunterhalt &#8211; Intern, Adressen Vorstand &#8211; Die Trolleybus Fahrleitung &#8211; Die Busanschl\u00fcsse andie S26 ab 2018 &#8211; 19.Mitgliederversammlung der IG T\u00f6sstallinie &#8211; Der Z\u00fcri-Oberland H\u00f6henweg: 1. Etappe und Teil der zweiten &#8211; Was bringt der Fahrplan 2013? &#8211; Erfolg f\u00fcr die IG T\u00f6sstallinie &#8211; Besichtigung von Stadler Rail in Altenrhein.<\/p>\n<p><a href=\"wp-content\/uploads\/2018\/03\/zugnummer32.pdf\">ZUGnummer ansehen<\/a><\/p>\n<\/div>\n<p>&nbsp;<\/p>\n<span class=\"collapseomatic \" id=\"id69f3c4a7af623\"  tabindex=\"0\" title=\"ZUGnummer 31 - Fr\u00fchling 2012\"    >ZUGnummer 31 - Fr\u00fchling 2012<\/span><div id=\"target-id69f3c4a7af623\" class=\"collapseomatic_content \">\n<p>T\u00f6sstal: bessere Perronzug\u00e4nge und Ersatz der veralteten Stellwerke &#8211; Die Probleme der dritten Welt kommen immer n\u00e4her &#8211; Grosse Bahn in kleinem Massstab &#8211; Wo befinden sich Gleis 1 und 2? &#8211; Eingabe im Rahmen des Agglomerationsprogramms &#8211; ETCS &#8211; Fluch oder Segen? &#8211; Meine Eisenbahn, 2. Teil &#8211; Leidenschaftliche Frauen und M\u00e4nner.<\/p>\n<p><a href=\"wp-content\/uploads\/2018\/03\/zugnummer31.pdf\">ZUGnummer ansehen<\/a><\/p>\n<\/div>\n<p>&nbsp;<\/p>\n<span class=\"collapseomatic \" id=\"id69f3c4a7af62d\"  tabindex=\"0\" title=\"ZUGnummer 30 - Herbst 2011\"    >ZUGnummer 30 - Herbst 2011<\/span><div id=\"target-id69f3c4a7af62d\" class=\"collapseomatic_content \">\n<p>Dispositionskonzepte bei Bahnbetriebsst\u00f6rungen &#8211; Besuch der DML-Baustelle unter dem HB -Z\u00fcrich &#8211; Bachtel &#8211; 1115 m.\u00fc.M &#8211; Wenn der Mensch versagt &#8211; 18. Mitgliederversammlung der IG T\u00f6sstallinie &#8211; T\u00f6sseg: malerische Flusslandschaft &#8211; Das Eisenbahnbetriebslabor der ETH.<\/p>\n<p><a href=\"http:\/\/www.ig-toesstallinie.ch\/wp-content\/uploads\/2018\/03\/zugnummer30.pdf\">ZUGnummer ansehen<\/a><\/p>\n<\/div>\n<p>&nbsp;<\/p>\n<span class=\"collapseomatic \" id=\"id69f3c4a7af636\"  tabindex=\"0\" title=\"ZUGnummer 29 - Winter 2010\"    >ZUGnummer 29 - Winter 2010<\/span><div id=\"target-id69f3c4a7af636\" class=\"collapseomatic_content \">\n<p>T\u00f6sstallinie 2018 \u2013 ein Ausblick 1; Halbstundentakt zwischen Bauma und R\u00fcti; Wintersport im T\u00f6sstal; Intern, Adressen Vorstand; Fahrplanbegehren der IG T\u00f6sstallinie an den ZVV; Besuch in der Eisenbahnsammlung Uster; Der Bundesrat verzichtet auf Sparmassnahmen im Regionalverkehr; Keine Schienen f\u00fcr Z\u00fcrich; Hochspannend &#8211; die Fahrleitung; Baustelle Durchmesserlinie Z\u00fcrich; Anmeldung Exkursion Durchmesserlinie.<\/p>\n<p><a href=\"wp-content\/uploads\/2018\/03\/zugnummer29.pdf\">ZUGnummer ansehen<\/a><\/p>\n<\/div>\n<p>&nbsp;<\/p>\n<span class=\"collapseomatic \" id=\"id69f3c4a7af640\"  tabindex=\"0\" title=\"ZUGnummer 28 - Sommer 2010\"    >ZUGnummer 28 - Sommer 2010<\/span><div id=\"target-id69f3c4a7af640\" class=\"collapseomatic_content \">\n<p>Der neue Pr\u00e4sident &#8211; Der neue f\u00fcr Kasse, Mitglieder und Logistik &#8211; Mein Herz schl\u00e4gt im 30-Minuten Takt &#8211; M\u00fcnchner Verkehrs- und Tarifverbund und ZVV im Vergleich &#8211; Erfahrungen als Aktuarin &#8211; Als Kassierin und Mitgliederadministratorin in der IG &#8211; Unsere neue Homepage &#8211; Das T\u00f6sstalfest &#8211; 17. Mitgliederversammlung der IG T\u00f6sstallinie &#8211; Ja zu Schienen f\u00fcr Z\u00fcrich!<\/p>\n<p><a href=\"wp-content\/uploads\/2018\/03\/zugnummer28.pdf\">ZUGnummer ansehen<\/a><\/p>\n<\/div>\n<p>&nbsp;<\/p>\n<span class=\"collapseomatic \" id=\"id69f3c4a7af649\"  tabindex=\"0\" title=\"ZUGnummer 27 - Winter 2009\"    >ZUGnummer 27 - Winter 2009<\/span><div id=\"target-id69f3c4a7af649\" class=\"collapseomatic_content \">\n<p>&#8211; Halbstundentakt wie weiter?<br \/>\n&#8211; Ist dies die letzte ZUGnummer?<br \/>\n&#8211; Warum braucht es die IG T\u00f6sstallinie?<br \/>\n&#8211; Warum treten 4 von 5 Vorstandsmitgliedern zur\u00fcck?<br \/>\n&#8211; Die Aufgaben der Aktuarin oder des Aktuars<br \/>\n&#8211; Die Aufgaben f\u00fcr Mitgliederadministration und Rechnungsf\u00fchrung<br \/>\n&#8211; Die Aufgaben der Pr\u00e4sidentin oder des Pr\u00e4sidenten<br \/>\n&#8211; Eine peinliche Angelegenheit<br \/>\n&#8211; Fahrplanbegehren der IG<br \/>\n&#8211; Neues Leben in alten Mauern<br \/>\n&#8211; IG-Reise im nostalgischen Buffetwagen<\/p>\n<p><a href=\"wp-content\/uploads\/2018\/03\/zugnummer27.pdf\">ZUGnummer ansehen<\/a><\/p>\n<\/div>\n<p>&nbsp;<\/p>\n<span class=\"collapseomatic \" id=\"id69f3c4a7af653\"  tabindex=\"0\" title=\"ZUGnummer 26 - Sommer 2009\"    >ZUGnummer 26 - Sommer 2009<\/span><div id=\"target-id69f3c4a7af653\" class=\"collapseomatic_content \">\n<p>&#8211; Stundentakt-Linien sagen ja: Druck auf Regierung nimmt zu!<br \/>\n&#8211; Wer hat verloren?<br \/>\n&#8211; Wir stimmen ab<br \/>\n&#8211; Streit um letzte L\u00fccken<br \/>\n&#8211; Die Initiaitve setzt ein falsches Signal<br \/>\n&#8211; Ein B\u00e4rendienst an der S-Bahn<br \/>\n&#8211; Intern<br \/>\n&#8211; Die Initiative ist keine Zw\u00e4ngerei<br \/>\n&#8211; Ich wette eine Kiste Wein<br \/>\n&#8211; Sensorium f\u00fcr das Machbare<br \/>\n&#8211; Stimmungsbericht aus dem Initiativkomitee \u00abHalbst\u00fcndliche S-Bahn f\u00fcr Alle\u00bb<br \/>\n&#8211; 16. Mitgliederversammlung der IG T\u00f6sstallinie<br \/>\n&#8211; SOS IG-T\u00f6sstallinie<br \/>\n&#8211; Eidgen\u00f6ssische Volksinitiative \u00abF\u00fcr den \u00f6ffentlichen Verkehr\u00bb<\/p>\n<p><a href=\"wp-content\/uploads\/2018\/03\/zugnummer26.pdf\">ZUGnummer ansehen<\/a><\/p>\n<\/div>\n<p>&nbsp;<\/p>\n<span class=\"collapseomatic \" id=\"id69f3c4a7af65d\"  tabindex=\"0\" title=\"ZUGnummer 25 - Winter 2008\"    >ZUGnummer 25 - Winter 2008<\/span><div id=\"target-id69f3c4a7af65d\" class=\"collapseomatic_content \">\n<p>&#8211; Geduld bringt Rosen: auch bei der halbst\u00fcndlichen S-Bahn?<br \/>\n&#8211; Antizyklisch aus der Wirtschaftskrise?<br \/>\n&#8211; Die Zukunft von S26, S29 und S-Bahn Kanton Z\u00fcrich<br \/>\n&#8211; Endlich wieder eine vern\u00fcnftige Busverbindung in die Freizeitregion Atzm\u00e4nnig!<br \/>\n&#8211; Mail von Armin Lehmann<br \/>\n&#8211; Schienen f\u00fcr Z\u00fcrich: MEDIEN-MITTEILUNG VCS<br \/>\n&#8211; Busse sind teurer als Bahn<br \/>\n&#8211; Anmeldeformular IG T\u00f6sstallinie<\/p>\n<p><a href=\"wp-content\/uploads\/2018\/03\/zugnummer25.pdf\">ZUGnummer ansehen<\/a><\/p>\n<\/div>\n<p>&nbsp;<\/p>\n<span class=\"collapseomatic \" id=\"id69f3c4a7af667\"  tabindex=\"0\" title=\"ZUGnummer 24 - Sommer 2008\"    >ZUGnummer 24 - Sommer 2008<\/span><div id=\"target-id69f3c4a7af667\" class=\"collapseomatic_content \">\n<p>&#8211; Geschenk oder trojanisches Pferd?<br \/>\n&#8211; Yes, we can!<br \/>\n&#8211; Den Engpass Z\u00fcrich \u2013 Winterthur endlich beseitigen<br \/>\n&#8211; 15. Mitgliederversammlung der IG<br \/>\n&#8211; Schlecht genutzt: P + R-Anlage in Wald<br \/>\n&#8211; Eine eigenartige Auffassung von Kundeninformation<br \/>\n&#8211; Wie komme ich von Rapperwil ins T\u00f6sstal?<br \/>\n&#8211; Anmeldeformular IG T\u00f6sstallinie<br \/>\n&#8211; Ihre Meinung interessiert uns!<\/p>\n<p><a href=\"wp-content\/uploads\/2018\/03\/zugnummer24.pdf\">ZUGnummer ansehen<\/a><\/p>\n<\/div>\n<p>&nbsp;<\/p>\n<span class=\"collapseomatic \" id=\"id69f3c4a7af670\"  tabindex=\"0\" title=\"ZUGnummer 23 - Winter 2007\"    >ZUGnummer 23 - Winter 2007<\/span><div id=\"target-id69f3c4a7af670\" class=\"collapseomatic_content \">\n<p>Halbst\u00fcndliche S-Bahn f\u00fcr Alle zu Stande gekommen! &#8211; Meine Erfahrungen unterwegs beim Unterschriftensammeln &#8211; \u00dcbergabe der Unterschriften &#8211; Intern &#8211; Vom Fokus auf die Bahn zum \u00f6V-Fokus &#8211; Ein Ticket f\u00fcr (fast) alles &#8211; Vertreibungspolitik mit ungewissem Ausgang &#8211; Sperrung der Strasse Bauma\u2013Neuthal\u2013B\u00e4retswil.<\/p>\n<p><a href=\"wp-content\/uploads\/2018\/03\/zugnummer23.pdf\">ZUGnummer ansehen<\/a><\/p>\n<\/div>\n<p>&nbsp;<\/p>\n<span class=\"collapseomatic \" id=\"id69f3c4a7af679\"  tabindex=\"0\" title=\"ZUGnummer 22 - Sommer 2007\"    >ZUGnummer 22 - Sommer 2007<\/span><div id=\"target-id69f3c4a7af679\" class=\"collapseomatic_content \">\n<p>Endspurt f\u00fcr die Initiative Halbst\u00fcndliche S-Bahn f\u00fcr Alle &#8211; Editorial &#8211; Die Ver\u00e4nderungen auf der Linie S26 seit dem Fahrplanwechsel &#8211; Stellungsnahme der IG T\u00f6sstallinie &#8211; S26 seit Fahrplanwechsel: massive Verschlechterungen f\u00fcr die Passagiere &#8211; Was geschieht, wenn man den SOS-Knopf dr\u00fcckt? &#8211; Der beschwerliche Bus-Betrieb R\u00fcti-Wald &#8211; 14. Mitgliederversammlung der IG T\u00f6sstallinie.<\/p>\n<p><a href=\"wp-content\/uploads\/2018\/03\/zugnummer22.pdf\">ZUGnummer ansehen<\/a><\/p>\n<\/div>\n<p>&nbsp;<\/p>\n<span class=\"collapseomatic \" id=\"id69f3c4a7af683\"  tabindex=\"0\" title=\"ZUGnummer 21 - Winter 2006\"    >ZUGnummer 21 - Winter 2006<\/span><div id=\"target-id69f3c4a7af683\" class=\"collapseomatic_content \">\n<p>Wieso eine Volksinitiative Halbst\u00fcndliche S-Bahn f\u00fcr Alle? &#8211; Editorial &#8211; Ausserordentliche Mitgliederversammlung der IG T\u00f6sstallinie vom 2. November 2006 &#8211; Unser Besuch im l\u00e4ngsten Eisenbahntunnel der Welt &#8211; Die Angebotsplanung f\u00fcr die T\u00f6sstalbahn in den Gemeinden &#8211; Was bringt die VZO der Walder-Bev\u00f6lkerung? &#8211; Der Bus f\u00e4hrt neben den Schienen &#8211; Mit dem Tram direkt zum Zoo &#8211; Die problematischen Folgen von Parkgeb\u00fchren auf den Bahnhofparkpl\u00e4tzen entlang der T\u00f6sstallinie.<\/p>\n<p><a href=\"wp-content\/uploads\/2018\/03\/zugnummer21.pdf\">ZUGnummer ansehen<\/a><\/p>\n<\/div>\n<p>&nbsp;<\/p>\n<span class=\"collapseomatic \" id=\"id69f3c4a7af68d\"  tabindex=\"0\" title=\"ZUGnummer 20 - Sommer 2006\"    >ZUGnummer 20 - Sommer 2006<\/span><div id=\"target-id69f3c4a7af68d\" class=\"collapseomatic_content \">\n<p>Bus gegen Bahn: Don Quijote im T\u00f6sstal? &#8211; Editorial &#8211; Brief der IG an den Verkehrsrat &#8211; Rettet nur Abbau die T\u00f6sstallinie \u2013 was kostet sie wirklich? &#8211; Der Kampf von Wald f\u00fcr Shuttle S43 und f\u00fcr S26 &#8211; 12. Mitgliederversammlung der IG &#8211; Reaktionen auf Zugnummer 19 &#8211; Es lockt der Baschlisgipfel &#8211; Einladung Baustellenbesuch AlpTransit.<\/p>\n<p><a href=\"wp-content\/uploads\/2018\/03\/zugnummer20.pdf\">ZUGnummer ansehen<\/a><\/p>\n<\/div>\n<p>&nbsp;<\/p>\n<span class=\"collapseomatic \" id=\"id69f3c4a7af696\"  tabindex=\"0\" title=\"ZUGnummer 19 - Winter 2005\"    >ZUGnummer 19 - Winter 2005<\/span><div id=\"target-id69f3c4a7af696\" class=\"collapseomatic_content \">\n<p>K\u00f6nnen wir zwischen R\u00fcti u. Bauma auf die Bahn verzichten? &#8211; Editorial &#8211; Notfall-Nummer &#8211; Bahn oder Bus? \u2013 IG und ZVV informierten Gemeinden &#8211; R\u00fctis Bahnhofpaten &#8211; Totengr\u00e4ber der T\u00f6sstallinie &#8211; Baustellenbesuch AlpTransit.<\/p>\n<p><a href=\"wp-content\/uploads\/2018\/03\/zugnummer19.pdf\">ZUGnummer ansehen<\/a><\/p>\n<\/div>\n<p>&nbsp;<\/p>\n<span class=\"collapseomatic \" id=\"id69f3c4a7af6a0\"  tabindex=\"0\" title=\"ZUGnummer 18 - Fr\u00fchjahr 2005\"    >ZUGnummer 18 - Fr\u00fchjahr 2005<\/span><div id=\"target-id69f3c4a7af6a0\" class=\"collapseomatic_content \">\n<p>Wann endlich kommt der 1\/2-Stundentakt von R\u00fcti bis Winti? &#8211; Editorial &#8211; VZO-Bus oder Post-PubliCar? &#8211; 11. Mitgliederversammlung der IG T\u00f6sstallinie vom 10. M\u00e4rz 2005 &#8211; Nur Transportpolizisten als Zugbegleiter? &#8211; Meine Eisenbahn &#8211; Nach dem Ski-Pass der SBB-Pass? &#8211; Der Drache im Hagheerenloch.<\/p>\n<p><a href=\"wp-content\/uploads\/2018\/03\/zugnummer18.pdf\">ZUGnummer ansehen<\/a><\/p>\n<\/div>\n<p>&nbsp;<\/p>\n<span class=\"collapseomatic \" id=\"id69f3c4a7af6ac\"  tabindex=\"0\" title=\"ZUGnummer 17 - Sommer 2004\"    >ZUGnummer 17 - Sommer 2004<\/span><div id=\"target-id69f3c4a7af6ac\" class=\"collapseomatic_content \">\n<p>T\u00f6sstallinie als Teil einer Winterthurer Stadtbahn? &#8211; Editorial &#8211; Sparen beim \u00f6V &#8211; Ein Pl\u00e4doyer f\u00fcr mehr Wettbewerb bei den Bahnen &#8211; Ergebnisse der KTipp-Umfrage &#8211; 10. Mitgliederversammlung der IG T\u00f6sstallinie vom 31.M\u00e4rz 2004 &#8211; Schulreisen: des einen Freud \u2013 des andern Herausforderung &#8211; Durchs romantische Ch\u00e4mmerli-Tobel.<\/p>\n<p><a href=\"wp-content\/uploads\/2018\/03\/zugnummer17.pdf\">ZUGnummer ansehen<\/a><\/p>\n<\/div>\n<p>&nbsp;<\/p>\n<span class=\"collapseomatic \" id=\"id69f3c4a7af6b6\"  tabindex=\"0\" title=\"ZUGnummer 16 - Herbst 2003\"    >ZUGnummer 16 - Herbst 2003<\/span><div id=\"target-id69f3c4a7af6b6\" class=\"collapseomatic_content \">\n<p>1\/2-Stundentakt von R\u00fcti bis Winti, Montag bis Sonntag? &#8211; Editorial &#8211; Gute Zeiten f\u00fcr Nachtschw\u00e4rmer-Innen &#8211; Man stelle sich einmal vor &#8230;. &#8211; Die Zukunft der T\u00f6sstallinie &#8211; Utopie oder Realit\u00e4t? &#8211; CARLOS ist erfolgreich gestartet,braucht aber noch mehr Mitfahrer. &#8211; T\u00f6sstaler Dampflokomotiven im Winterschlaf &#8211; Big Brother is helping you &#8211; \u00d6ffnungszeiten der lokalen Beratungs- und Verkaufsstellen &#8211; Privatisieren: Aus Erfahrungen nichts gelernt!<\/p>\n<p><a href=\"wp-content\/uploads\/2018\/03\/zugnummer16.pdf\">ZUGnummer ansehen<\/a><\/p>\n<\/div>\n<p>&nbsp;<\/p>\n<span class=\"collapseomatic \" id=\"id69f3c4a7af6bf\"  tabindex=\"0\" title=\"ZUGnummer 15 - Fr\u00fchjahr 2003\"    >ZUGnummer 15 - Fr\u00fchjahr 2003<\/span><div id=\"target-id69f3c4a7af6bf\" class=\"collapseomatic_content \">\n<p>Die Folgen der zunehmenden Anonymit\u00e4t in den S-Bahn-Z\u00fcgen &#8211; Editorial &#8211; Mitgliederversammlung der IG T\u00f6sstallinie &#8211; Nicole und Fredi:herzlichen Dank! &#8211; Der neue Nachtbus N68 des ZVV-Nachtnetzes &#8211; Visionen, M\u00f6glichkeiten und Grenzen des \u00f6ffentlichen Verkehrs im oberen T\u00f6sstal &#8211; Warum gehen Postautos mit den H\u00fchnern ins Bett?? &#8211; Ein Blick in die nahe Zukunft der S26 &#8211; Zwei wichtige, neue Telefonnummern &#8211; \u00d6ffnungszeiten der lokalen Beratungs- und Verkaufsstellen &#8211; Lebensgef\u00e4hrlich verletzt &#8211; Eine Nachforschung.<\/p>\n<p><a href=\"wp-content\/uploads\/2018\/03\/zugnummer15.pdf\">ZUGnummer ansehen<\/a><\/p>\n<\/div>\n<p>&nbsp;<\/p>\n<span class=\"collapseomatic \" id=\"id69f3c4a7af6c9\"  tabindex=\"0\" title=\"ZUGnummer 14 - Herbst 2002\"    >ZUGnummer 14 - Herbst 2002<\/span><div id=\"target-id69f3c4a7af6c9\" class=\"collapseomatic_content \">\n<p>Es geht weiter mit der IG T\u00f6sstallinie! &#8211; Editorial &#8211; Der Stehzug vom Oberland &#8211; Die junge Geschichte der IG T\u00f6sstallinie &#8211; Bin ich schon in Sennhof ? &#8211; Ein Blick in die nahe Zukunft der S26 &#8211; Ist der Bahnhof offen? &#8211; Rezepte gegen Slums+Vandalen &#8211; Das stille \u00d6rtchen &#8211; PubliCar oder Postauto?<\/p>\n<p><a href=\"wp-content\/uploads\/2018\/03\/zugnummer14.pdf\">ZUGnummer ansehen<\/a><\/p>\n<\/div>\n<p>&nbsp;<\/p>\n<span class=\"collapseomatic \" id=\"id69f3c4a7af6d2\"  tabindex=\"0\" title=\"ZUGnummer 13 - Sommer 2001\"    >ZUGnummer 13 - Sommer 2001<\/span><div id=\"target-id69f3c4a7af6d2\" class=\"collapseomatic_content \">\n<p>Anekdoten &#8211; Nagelfluh und harte K\u00f6pfe &#8211; Editorial &#8211; Von fr\u00fcher bis sp\u00e4ter &#8211; Investition in die Zukunft &#8211; Global denken &#8211; lokal kaufen &#8211; \u00ab\u2026eine elegante Hochbahn.\u00bb &#8211; Statt die Faust im Sack &#8211; Intern &#8211; Eine Rose und ein Kaktus &#8211; Gemeinsam f\u00fcr die Bahn &#8211; Die Reise nach Berlin &#8211; IG T\u00f6sstallinie aufl\u00f6sen? &#8211; Kleiner Festf\u00fchrer.<\/p>\n<p><a href=\"wp-content\/uploads\/2018\/03\/zugnummer13.pdf\">ZUGnummer ansehen<\/a><\/p>\n<\/div>\n<p>&nbsp;<\/p>\n<span class=\"collapseomatic \" id=\"id69f3c4a7af6dc\"  tabindex=\"0\" title=\"ZUGnummer 12 - Herbst 2000\"    >ZUGnummer 12 - Herbst 2000<\/span><div id=\"target-id69f3c4a7af6dc\" class=\"collapseomatic_content \">\n<p>Was lange w\u00e4hrt &#8211; Editorial &#8211; Der Countdown l\u00e4uft &#8211; Aller Anfang ist schwer &#8211; Modernisierung der Bahnh\u00f6fe &#8211; Aufw\u00e4rts! &#8211; Plattform der Leserschaft &#8211; 125 Jahre festen &#8211; Das Stati\u00f6nchen.<\/p>\n<p><a href=\"wp-content\/uploads\/2018\/03\/zugnummer12.pdf\">ZUGnummer ansehen<\/a><\/p>\n<\/div>\n<p>&nbsp;<\/p>\n<span class=\"collapseomatic \" id=\"id69f3c4a7af6e5\"  tabindex=\"0\" title=\"ZUGnummer 11 - Fr\u00fchling 2000\"    >ZUGnummer 11 - Fr\u00fchling 2000<\/span><div id=\"target-id69f3c4a7af6e5\" class=\"collapseomatic_content \">\n<p>Der Siegeszug der S-Bahn &#8211; Editorial &#8211; Die Zukunft der T\u00f6sstallinie &#8211; Eine Erfolgsstory &#8211; Den Tarif erkl\u00e4ren &#8211; 125 Jahre T\u00f6sstalbahn &#8211; Ein Fest! &#8211; Mit Volldampf &#8211; Der Kunde ist K\u00f6nig &#8211; Attraktive Denkanst\u00f6sse &#8211; Plattform der Leserschaft &#8211; Der Triumphbogen.<\/p>\n<p><a href=\"wp-content\/uploads\/2018\/03\/zugnummer11.pdf\">ZUGnummer ansehen<\/a><\/p>\n<\/div>\n<p>&nbsp;<\/p>\n<span class=\"collapseomatic \" id=\"id69f3c4a7af6ef\"  tabindex=\"0\" title=\"ZUGnummer 10 - Herbst 1999\"    >ZUGnummer 10 - Herbst 1999<\/span><div id=\"target-id69f3c4a7af6ef\" class=\"collapseomatic_content \">\n<p>Die Weichen stellen &#8211; Editorial &#8211; Die Nacht ist ohne Ende &#8211; Im Takt bleiben, gef\u00e4lligst! &#8211; Die T\u00f6sstallinie von morgen &#8211; Skilift f\u00e4hrt weiter aufw\u00e4rts &#8211; Mitgliederversammlung 2000 &#8211; Ein Fest? \u2013 Ein Fest! Zum Zugshalt in Kollbrunn &#8211; Das Unget\u00fcm.<\/p>\n<p><a href=\"wp-content\/uploads\/2018\/03\/zugnummer10.pdf\">ZUGnummer ansehen<\/a><\/p>\n<\/div>\n<p>&nbsp;<\/p>\n<span class=\"collapseomatic \" id=\"id69f3c4a7af6f9\"  tabindex=\"0\" title=\"ZUGnummer 9 - Fr\u00fchjahr 1999\"    >ZUGnummer 9 - Fr\u00fchjahr 1999<\/span><div id=\"target-id69f3c4a7af6f9\" class=\"collapseomatic_content \">\n<p>Erfreuliche Zusammenarbeit &#8211; Verkehrsfrei festen &#8211; Aus den Kinderschuhen &#8211; Gopfridschtutz &#8211; Plattform &#8211; Impressum &#8211; Viel Vergn\u00fcgen &#8211; Es kommt wieder ein Rank!<\/p>\n<p><a href=\"wp-content\/uploads\/2018\/03\/zugnummer-9.pdf\">ZUGnummer ansehen<\/a><\/p>\n<\/div>\n<p>&nbsp;<\/p>\n<span class=\"collapseomatic \" id=\"id69f3c4a7af703\"  tabindex=\"0\" title=\"ZUGnummer 8 - Herbst 1998\"    >ZUGnummer 8 - Herbst 1998<\/span><div id=\"target-id69f3c4a7af703\" class=\"collapseomatic_content \">\n<p>Kursbuchfeld 754 Editorial! &#8211; Es taget&#8230; Guten Abend! &#8211; Bahn statt Bus &#8211; Er\u00f6ffnung am 4. Dezember &#8211; Echo Scheinbar belanglos &#8211; Aus dem Takt geraten &#8211; Gerettet Talon der IG: iischtige bitte &#8211; Echo &#8222;T\u00f6sstaI-Express&#8220; Tampfbaan &#8211; Aufregung im T\u00f6sstal.<\/p>\n<p><a href=\"wp-content\/uploads\/2018\/03\/zugnummer-8.pdf\">ZUGnummer ansehen<\/a><\/p>\n<\/div>\n<p>&nbsp;<\/p>\n<span class=\"collapseomatic \" id=\"id69f3c4a7af70c\"  tabindex=\"0\" title=\"ZUGnummer 7 - Fr\u00fchjahr 1998\"    >ZUGnummer 7 - Fr\u00fchjahr 1998<\/span><div id=\"target-id69f3c4a7af70c\" class=\"collapseomatic_content \">\n<p>Unerh\u00f6rt Editorial &#8211; Die Quadratur des Zirkels &#8211; Die Region T\u00f6sstal f\u00f6rdern Kundendienst &#8211; Gute Nacht? &#8211; Ein Experiment trotz Abbau &#8211; Sind wir so gef\u00e4hrlich? &#8211; Iischtige bitte! Talon der IG &#8211; Gut unterwegs &#8211; Humor &#8211; Olga Meyer im T\u00f6sstal &#8211; Als die T\u00f6sstalbahn gebaut wurde.<\/p>\n<p><a href=\"wp-content\/uploads\/2018\/03\/zugnummer-7.pdf\">ZUGnummer ansehen<\/a><\/p>\n<\/div>\n<p>&nbsp;<\/p>\n<span class=\"collapseomatic \" id=\"id69f3c4a7af716\"  tabindex=\"0\" title=\"ZUGnummer 6 - Winter 1997\"    >ZUGnummer 6 - Winter 1997<\/span><div id=\"target-id69f3c4a7af716\" class=\"collapseomatic_content \">\n<p>TREFFPUNKT-T\u00d6SSTALER &#8211; Aktuelle Verkehrspolitik f\u00fcr Regionalverkehr- Chance und Gefahr &#8211; Sch\u00f6ne(re) Aussichten &#8211; 1 Schritt vor, 1\/2 zur\u00fcck &#8211; N\u00e4chster Halt&#8230; &#8211; Blick hinter Winterthurs Bahnhofkulisse &#8211; Von attraktiv bis Zumutung &#8211; Fischenthaler und ihr Verkehrsmittel-Verhalten &#8211; SBB-Schulref rentendienst &#8211; H\u00f6henfl\u00fcge auf Hohlandenberg &#8211; Nicht-\/Raucher-Regionalz\u00fcge.<\/p>\n<p><a href=\"wp-content\/uploads\/2018\/03\/zugnummer-6.pdf\">ZUGnummer ansehen<\/a><\/p>\n<\/div>\n<p>&nbsp;<\/p>\n<span class=\"collapseomatic \" id=\"id69f3c4a7af720\"  tabindex=\"0\" title=\"ZUGnummer 5 - Sommer 1997\"    >ZUGnummer 5 - Sommer 1997<\/span><div id=\"target-id69f3c4a7af720\" class=\"collapseomatic_content \">\n<p>TREFFPUNKT-T\u00d6SSTALER &#8211; T\u00f6sstal( er)-R\u00fcckgrat optimieren &#8211; Schritt zum Hit &#8211; Die T\u00f6sstai-Priorit\u00e4ten &#8211; Stilles Land und weite Horizonte &#8211; \u00b7IG-Mitglieder und ihr Verkehrsmittel-Verh\u00e4ltnis &#8211; Dreischichtig f\u00fcr Sie da &#8211; (IG) T\u00f6sstallinie hoch im Kurs.<\/p>\n<p><a href=\"wp-content\/uploads\/2018\/03\/zugnummer-5.pdf\">ZUGnummer ansehen<\/a><\/p>\n<\/div>\n<p>&nbsp;<\/p>\n<span class=\"collapseomatic \" id=\"id69f3c4a7af72a\"  tabindex=\"0\" title=\"BAHNFEST-T\u00d6SSTALER - Mai 1997\"    >BAHNFEST-T\u00d6SSTALER - Mai 1997<\/span><div id=\"target-id69f3c4a7af72a\" class=\"collapseomatic_content \">\n<p>Die Bahn bewegt &#8211; T\u00f6sstal(er) inklusive &#8211; Siegeszug der Eisenbahn &#8211; Das T\u00f6sslal und seine Bahn &#8211; Die T\u00f6ssthalbahn bei den SBB &#8211; Kennen Sie die T\u00f6sslaler Bahnh\u00f6fe?<\/p>\n<p><a href=\"wp-content\/uploads\/2018\/04\/bahnfest-toesstaler1997.pdf\">ZUGnummer ansehen<\/a><\/p>\n<\/div>\n<p>&nbsp;<\/p>\n<span class=\"collapseomatic \" id=\"id69f3c4a7af733\"  tabindex=\"0\" title=\"ZUGnummer 4 - Winter 1996\"    >ZUGnummer 4 - Winter 1996<\/span><div id=\"target-id69f3c4a7af733\" class=\"collapseomatic_content \">\n<p>TREFFPUNKT-T\u00d6SSTALER &#8211; Die S26 auf schlanker Infrastruktur &#8211; Begehren zum Fahrplan im T\u00f6sstal &#8211; Die Bahnpost bringt&#8216; s! &#8211; So taxieren PTT und SBB den Bahnpostdienst &#8211; Und es geht doch! &#8211; Sie und die T\u00f6sstallinie &#8211; Seine Maiest\u00e4t &#8211; der Schauenberg &#8211; Ein Modell f\u00fcr die T\u00f6sstallinie? &#8211; Bahnpolizei.<\/p>\n<p><a href=\"wp-content\/uploads\/2018\/03\/zugnummer-4.pdf\">ZUGnummer ansehen<\/a><\/p>\n<\/div>\n<p>&nbsp;<\/p>\n<span class=\"collapseomatic \" id=\"id69f3c4a7af73d\"  tabindex=\"0\" title=\"ZUGnummer 3 - Sommer 1996\"    >ZUGnummer 3 - Sommer 1996<\/span><div id=\"target-id69f3c4a7af73d\" class=\"collapseomatic_content \">\n<p>TREFFPUNKT-T\u00d6SSTALER &#8211; S 26 &#8211; die Allroundlinie &#8211; Einiges im K\u00f6cher &#8211; IG T\u00f6sstallinie verzichtet auf SBB nur im Namen &#8211; Kontaktaufnahme mit T\u00f6sstaler Gemeinden &#8211; Achtung, fertig- Volldampf! &#8211; Sicherheit im Bahnverkehr &#8211; Kolibri-Alternative -Besuchen Sie mituns die Stadler-Fahrzeuge AG &#8211; Verst\u00e4rken Sie uns? &#8211; Besuchen Sie mit uns die Schwalbe &#8211; Pro Bahn Schweiz &#8211; T\u00f6sstaler plangen auf neuen Bahnhof R\u00fcti &#8211; Sch\u00f6ne Titel, Themen, Worte&#8230; &#8211;<\/p>\n<p><a href=\"wp-content\/uploads\/2018\/03\/zugnummer-3.pdf\">ZUGnummer ansehen<\/a><\/p>\n<\/div>\n<p>&nbsp;<\/p>\n<span class=\"collapseomatic \" id=\"id69f3c4a7af746\"  tabindex=\"0\" title=\"ZUGnummer 2 - Winter 1995\"    >ZUGnummer 2 - Winter 1995<\/span><div id=\"target-id69f3c4a7af746\" class=\"collapseomatic_content \">\n<p>TREFFPUNKT-T\u00d6SSTALER &#8211; Privatbahn und \u00abT\u00f6sstaler-Linien &#8211; Viele Varianten, wenige Favoriten &#8211; Pendeln &#8211; Auto oder Bahn? &#8211; Sh,areCom Turbenthal-Wila &#8211; Regionalverkehr &#8211; Chancen, wenn&#8230; &#8211; Zauberhafte Tobelwelt &#8211; Zwiesp\u00e4ltige Erfahrungen &#8211; Kramp(f)en in der Nacht.<\/p>\n<p><a href=\"wp-content\/uploads\/2018\/03\/zugnummer-2.pdf\">ZUGnummer ansehen<\/a><\/p>\n<\/div>\n<p>&nbsp;<\/p>\n<span class=\"collapseomatic \" id=\"id69f3c4a7af750\"  tabindex=\"0\" title=\"ZUGnummer 1 - Sommer 1995\"    >ZUGnummer 1 - Sommer 1995<\/span><div id=\"target-id69f3c4a7af750\" class=\"collapseomatic_content \">\n<p>TREFFPUNKT-T\u00d6SSTALER &#8211; Gedanken zum Umfeld der IG SBB-T\u00f6sstallinie &#8211; Die politische Ebene &#8211; Pendeln mittels Auto oder Zug &#8211; Die IG Shuttle Wald &#8211; Wasserkraft der T\u00f6ss zwischen Choli und Rikon &#8211; Gen\u00fcgt Nostalgie f\u00fcr die Zukunft? &#8211; Das Fahrplanprozedere &#8211; Zwei 165, ein Ziel.<\/p>\n<p><a href=\"wp-content\/uploads\/2018\/03\/zugnummer-1.pdf\">ZUGnummer ansehen<\/a><\/p>\n<\/div>\n","protected":false},"excerpt":{"rendered":"<p>Lesen Sie mehr \u00fcber die halbj\u00e4hrlich erscheinende Informationszeitung \u201cZUGnummer\u201d. Wenn Sie auf die Titelseite der Zeitung klicken, kommen Sie direkt zum Inhaltsverzeichnis. Dort f\u00fchrt ein Klick auf das gew\u00fcnschte Thema direkt zur Seite. Um wieder zur\u00fcck zum Inhaltsverzeichnis zu gelangen klicken Sie einfach auf den rechten Rand der Seite. &nbsp; &nbsp; &nbsp; &nbsp; &nbsp; &nbsp; &hellip; <a href=\"https:\/\/www.ig-toesstallinie.ch\/?page_id=23\" class=\"more-link\"><span class=\"screen-reader-text\">ZUGnummer<\/span> weiterlesen<\/a><\/p>\n","protected":false},"author":1,"featured_media":0,"parent":0,"menu_order":3,"comment_status":"closed","ping_status":"closed","template":"","meta":[],"_links":{"self":[{"href":"https:\/\/www.ig-toesstallinie.ch\/index.php?rest_route=\/wp\/v2\/pages\/23"}],"collection":[{"href":"https:\/\/www.ig-toesstallinie.ch\/index.php?rest_route=\/wp\/v2\/pages"}],"about":[{"href":"https:\/\/www.ig-toesstallinie.ch\/index.php?rest_route=\/wp\/v2\/types\/page"}],"author":[{"embeddable":true,"href":"https:\/\/www.ig-toesstallinie.ch\/index.php?rest_route=\/wp\/v2\/users\/1"}],"replies":[{"embeddable":true,"href":"https:\/\/www.ig-toesstallinie.ch\/index.php?rest_route=%2Fwp%2Fv2%2Fcomments&post=23"}],"version-history":[{"count":108,"href":"https:\/\/www.ig-toesstallinie.ch\/index.php?rest_route=\/wp\/v2\/pages\/23\/revisions"}],"predecessor-version":[{"id":971,"href":"https:\/\/www.ig-toesstallinie.ch\/index.php?rest_route=\/wp\/v2\/pages\/23\/revisions\/971"}],"wp:attachment":[{"href":"https:\/\/www.ig-toesstallinie.ch\/index.php?rest_route=%2Fwp%2Fv2%2Fmedia&parent=23"}],"curies":[{"name":"wp","href":"https:\/\/api.w.org\/{rel}","templated":true}]}}